{"id":459,"date":"2016-12-19T11:30:19","date_gmt":"2016-12-19T10:30:19","guid":{"rendered":"http:\/\/goscinnakamienica.com.pl\/?page_id=459"},"modified":"2020-03-13T12:15:12","modified_gmt":"2020-03-13T11:15:12","slug":"ceny-i-promocje","status":"publish","type":"page","link":"https:\/\/goscinnakamienica.dfirma.pl\/index.php\/ceny-i-promocje\/","title":{"rendered":"Ceny i promocje"},"content":{"rendered":"\n<p>Drodzy Go\u015bcie <\/p>\n\n\n\n<p> Wasze bezpiecze\u0144stwo oraz komfort s\u0105 dla nas NAJWI\u0118KSZY PRIORYTETEM<\/p>\n\n\n\n<p> Z powodu zagro\u017cenia koronawirusem zaostrzamy \u015brodki bezpiecze\u0144stwa oraz higieny w naszym obiekcie.<\/p>\n\n\n\n<figure class=\"wp-block-image size-large\"><img loading=\"lazy\" width=\"724\" height=\"1024\" src=\"http:\/\/goscinnakamienica.pl\/wp-content\/uploads\/2020\/03\/Black-and-Yellow-Emergency-Response-Poster-724x1024.jpg\" alt=\"\" class=\"wp-image-4260\" srcset=\"https:\/\/goscinnakamienica.dfirma.pl\/wp-content\/uploads\/2020\/03\/Black-and-Yellow-Emergency-Response-Poster-724x1024.jpg 724w, https:\/\/goscinnakamienica.dfirma.pl\/wp-content\/uploads\/2020\/03\/Black-and-Yellow-Emergency-Response-Poster-212x300.jpg 212w, https:\/\/goscinnakamienica.dfirma.pl\/wp-content\/uploads\/2020\/03\/Black-and-Yellow-Emergency-Response-Poster-768x1086.jpg 768w, https:\/\/goscinnakamienica.dfirma.pl\/wp-content\/uploads\/2020\/03\/Black-and-Yellow-Emergency-Response-Poster-1086x1536.jpg 1086w, https:\/\/goscinnakamienica.dfirma.pl\/wp-content\/uploads\/2020\/03\/Black-and-Yellow-Emergency-Response-Poster-1448x2048.jpg 1448w, https:\/\/goscinnakamienica.dfirma.pl\/wp-content\/uploads\/2020\/03\/Black-and-Yellow-Emergency-Response-Poster-370x523.jpg 370w, https:\/\/goscinnakamienica.dfirma.pl\/wp-content\/uploads\/2020\/03\/Black-and-Yellow-Emergency-Response-Poster-600x849.jpg 600w, https:\/\/goscinnakamienica.dfirma.pl\/wp-content\/uploads\/2020\/03\/Black-and-Yellow-Emergency-Response-Poster.jpg 1587w\" sizes=\"(max-width: 724px) 100vw, 724px\" \/><\/figure>\n\n\n\n<p><\/p>\n\n\n\n<p><\/p>\n\n\n<h1><strong>PRZED\u0141U\u017b WEEKEND<\/strong><\/h1>\n<h1><strong> ZA 50% CENY<\/strong><\/h1>\n<p>Je\u015bli weekend w urokliwym Bia\u0142ymstoku i Go\u015bcinnej Kamienicy wydaje Ci si\u0119 zbyt kr\u00f3tki \u2013 mamy dla Ciebie specjaln\u0105 ofert\u0119 na przed\u0142u\u017cenie weekendu o jeszcze jeden dzie\u0144. Ciesz si\u0119 pi\u0119kn\u0105 niedziel\u0105 w\u015br\u00f3d podlaskich atrakcji za 50% ceny.<\/p>\n<p>Oferta dotyczy dodatkowej doby z niedzieli na poniedzia\u0142ek.<\/p>\n<p><em><strong> Oferta jest dost\u0119pna 01.01.2020-28.02.2020<\/strong><\/em><\/p>\n<pre><em><strong>Rezerwacja:<\/strong><\/em>\n\ne-mail:<a href=\"mailto:recepcja@goscinnakamienica.pl\">recepcja@goscinnakamienica.pl<\/a>\n\ntel.+48 85 831 15 55, kom.535 971 911<\/pre>\n<h1>\u00a0<\/h1>\n<h1>\u00a0<\/h1>\n<h1><strong>PAKIET SPA <\/strong><\/h1>\n<p>\u00a0<\/p>\n<h1><strong>GO\u015aCINNA KAMIENICA &amp; <\/strong><\/h1>\n<h1><strong>SALAMANDRA <span class=\"irc_su\" dir=\"ltr\">Beauty Clinic<\/span><\/strong><\/h1>\n<p>\u00a0<\/p>\n<p>\u00a0\u00a0\u00a0\u00a0\u00a0\u00a0\u00a0\u00a0 Pi\u0119kno i wypoczynek sz\u0142y w parze od zawsze, a my w Go\u015bcinnej Kamienicy podzielamy pogl\u0105d, \u017ce wspania\u0142y wygl\u0105d i komfortowy wypoczynek to przenikaj\u0105ce i uzupe\u0142niaj\u0105ce si\u0119 elementy codzienno\u015bci. Tylko dla naszych mi\u0142ych Go\u015bci wyj\u0105tkowe zabiegi SPA w SALAMANDRA Beauty Clinic Bia\u0142ystok.<\/p>\n<p>Salon oferuje, przytulne, gustownie wyko\u0144czonych gabinety, w kt\u00f3rych wykonywane s\u0105 zabiegi przy u\u017cyciu kosmetyk\u00f3w ekskluzywnych marek np., Jean D\u2019Arcel, , Yonelle. Mesoestetic, Exuviance<\/p>\n<p>\u00a0\u00a0\u00a0\u00a0\u00a0\u00a0\u00a0\u00a0\u00a0\u00a0\u00a0\u00a0 Salamandra Beauty Clinic to zesp\u00f3\u0142 ludzi, kt\u00f3rych \u0142\u0105cz\u0105 wsp\u00f3lne pasje i warto\u015bci, wyznawane bez kompromis\u00f3w. Ich pasj\u0105 jest dbanie o naturalne pi\u0119kno zewn\u0119trzne i wewn\u0119trzne natomiast misj\u0105 jest piel\u0119gnowanie zdrowia, urody oraz pi\u0119kna wewn\u0119trznego kobiet, kt\u00f3re rozumiemy jako dba\u0142o\u015b\u0107 o nieustanny rozw\u00f3j osobisty. St\u0105d liczne kursy, cykliczne spotkania i warsztaty o bardzo szerokiej tematyce, jak zdrowe od\u017cywianie, budowanie marki osobistej, trendy w makija\u017cu i modzie, sztuka, sport czy nawet pisanie ksi\u0105\u017cek. Salamandra to kreatywne miejsce pracy i samorealizacji wielu ludzi.<\/p>\n<p><img loading=\"lazy\" class=\"size-medium wp-image-3103 alignleft\" src=\"http:\/\/goscinnakamienica.pl\/wp-content\/uploads\/2019\/02\/12298_15760-300x225.jpg\" alt=\"\" width=\"300\" height=\"225\" srcset=\"https:\/\/goscinnakamienica.dfirma.pl\/wp-content\/uploads\/2019\/02\/12298_15760-300x225.jpg 300w, https:\/\/goscinnakamienica.dfirma.pl\/wp-content\/uploads\/2019\/02\/12298_15760-768x576.jpg 768w, https:\/\/goscinnakamienica.dfirma.pl\/wp-content\/uploads\/2019\/02\/12298_15760-1024x768.jpg 1024w, https:\/\/goscinnakamienica.dfirma.pl\/wp-content\/uploads\/2019\/02\/12298_15760-370x278.jpg 370w, https:\/\/goscinnakamienica.dfirma.pl\/wp-content\/uploads\/2019\/02\/12298_15760-600x450.jpg 600w, https:\/\/goscinnakamienica.dfirma.pl\/wp-content\/uploads\/2019\/02\/12298_15760.jpg 1200w\" sizes=\"(max-width: 300px) 100vw, 300px\" \/> <img loading=\"lazy\" class=\"size-medium wp-image-3104 alignright\" src=\"http:\/\/goscinnakamienica.pl\/wp-content\/uploads\/2019\/02\/12299_15760-300x200.jpg\" alt=\"\" width=\"300\" height=\"200\" srcset=\"https:\/\/goscinnakamienica.dfirma.pl\/wp-content\/uploads\/2019\/02\/12299_15760-300x200.jpg 300w, https:\/\/goscinnakamienica.dfirma.pl\/wp-content\/uploads\/2019\/02\/12299_15760-768x513.jpg 768w, https:\/\/goscinnakamienica.dfirma.pl\/wp-content\/uploads\/2019\/02\/12299_15760-1024x684.jpg 1024w, https:\/\/goscinnakamienica.dfirma.pl\/wp-content\/uploads\/2019\/02\/12299_15760-370x247.jpg 370w, https:\/\/goscinnakamienica.dfirma.pl\/wp-content\/uploads\/2019\/02\/12299_15760-600x401.jpg 600w, https:\/\/goscinnakamienica.dfirma.pl\/wp-content\/uploads\/2019\/02\/12299_15760.jpg 1348w\" sizes=\"(max-width: 300px) 100vw, 300px\" \/><\/p>\n<p><strong>Zabiegi specjalne na wy\u0142\u0105czno\u015b\u0107 go\u015bci hotelowych:<\/strong><\/p>\n<ul>\n<li><span style=\"color: #ff0000;\"><strong> Salamandra men<\/strong><\/span> &#8211; piel\u0119gnacja sk\u00f3ry m\u0119skiej, ukierunkowana na z\u0142agodzenie podra\u017cnie\u0144, dodatkowo wykazuje intensywne dzia\u0142anie niweluj\u0105ce oznaki starzenia i od\u015bwie\u017caj\u0105ce<\/li>\n<\/ul>\n<ul>\n<li><span style=\"color: #ff0000;\"><strong>Beauty by Salamandra<\/strong><\/span> \u2013 zabiegi bankietowe przygotowane z my\u015bl\u0105 o kobietach, kt\u00f3re oczekuj\u0105 widocznych efekt\u00f3w nawil\u017cenia, roz\u015bwietlenia, oczyszczenia, lub liftingu. Zaawansowane technologicznie rozwi\u0105zania kosmetologiczne zastosowane w zabiegu s\u0105 idealnym rozwi\u0105zaniem wielu problem\u00f3w sk\u00f3ry przy braku mo\u017cliwo\u015bci regularnych wizyt<\/li>\n<\/ul>\n<p>Czas zabiegu: oko\u0142o 2 godziny<\/p>\n<p>Zabieg w cenie zawiera piel\u0119gnacj\u0119 twarzy, szyi i dekoltu, 30 minutowy masa\u017c twarzy, henn\u0119 brwi i rz\u0119s a zako\u0144czony jest makija\u017cem dziennym Mary KAy<\/p>\n<p>\u00a0<\/p>\n<p><strong>*<span style=\"color: #ff0000;\">Salamandra\u2019s rest<\/span><\/strong> \u2013 zabieg gwarantuj\u0105cy relaks po ci\u0119\u017ckim dniu dzi\u0119ki zastosowaniu synergii pomi\u0119dzy \u015bwiatem nauki i natury. Zaawansowana metoda piel\u0119gnacji po\u0142\u0105czona z pe\u0142nym relaksem, intensywnie wp\u0142ywa na wygl\u0105d naszej sk\u00f3ry. Kuracja przeznaczona dla os\u00f3b, kt\u00f3re oczekuj\u0105 odpoczynku oraz efektu zdrowej, \u015bwie\u017cej i roz\u015bwietlonej sk\u00f3r<\/p>\n<p>*Zabieg w cenie zawiera piel\u0119gnacj\u0119 twarzy, szyi i dekoltu, 30 minutowy masa\u017c twarzy, henn\u0119 brwi i rz\u0119s a zako\u0144czony jest makija\u017cem dziennym Mary KAy<\/p>\n<p>\u00a0<\/p>\n<h3><span style=\"color: #800000;\"><em><strong>Klienci Go\u015bcinnej Kamienicy:<\/strong><\/em><\/span><\/h3>\n<ul>\n<li>Mog\u0105 skorzysta\u0107 z rabatu na wszystkie us\u0142ugi kosmetologiczne oraz us\u0142ugi<\/li>\n<\/ul>\n<h3 style=\"padding-left: 180px;\"><span style=\"color: #ff0000;\"><strong>Medycyny estetycznej \u2013 15%<\/strong><\/span><\/h3>\n<ul>\n<li>Po wcze\u015bniejszym um\u00f3wieniu si\u0119 mog\u0105 zarezerwowa\u0107 wizyt\u0119 poza godzinami pracy salonu<\/li>\n<\/ul>\n<p style=\"padding-left: 120px;\"><span style=\"color: #000000;\"><strong>Czekamy na Pa\u0144stwa po drugiej stronie ulicy!<\/strong><\/span><\/p>\n<p>\u00a0<\/p>\n<p><em><strong>Rezerwacja:<\/strong><\/em><\/p>\n<p>e-mail:<a href=\"mailto:recepcja@goscinnakamienica.pl\">recepcja@goscinnakamienica.pl<\/a><\/p>\n<p>tel.+48 85 831 15 55,<\/p>\n<p>kom.535 971 911<\/p>\n<h1><img loading=\"lazy\" class=\"size-medium wp-image-3105 aligncenter\" src=\"http:\/\/goscinnakamienica.pl\/wp-content\/uploads\/2019\/02\/26219293_1612929048753082_9001177655529432929_n-300x97.jpg\" alt=\"\" width=\"300\" height=\"97\" srcset=\"https:\/\/goscinnakamienica.dfirma.pl\/wp-content\/uploads\/2019\/02\/26219293_1612929048753082_9001177655529432929_n-300x97.jpg 300w, https:\/\/goscinnakamienica.dfirma.pl\/wp-content\/uploads\/2019\/02\/26219293_1612929048753082_9001177655529432929_n.jpg 320w\" sizes=\"(max-width: 300px) 100vw, 300px\" \/><\/h1>\n<h1>\u00a0<\/h1>\n<p>\u00a0<\/p>\n<h1><em><strong>KOMUNIA 2020<\/strong><\/em><\/h1>\n<p><strong>Komunia to niezwykle wa\u017cne wydarzenie w \u017cyciu dziecka oraz ca\u0142ej rodziny. Specjali\u015bci Go\u015bcinnej Kamienicy posiadaj\u0105 kilkunastoletnie do\u015bwiadczenie w organizacji tego typu wydarze\u0144 \u2013 dlatego nasi go\u015bcie regularnie nas sobie polecaj\u0105.<\/strong><\/p>\n<p><img loading=\"lazy\" class=\"size-medium wp-image-2808 alignright\" src=\"http:\/\/goscinnakamienica.pl\/wp-content\/uploads\/2018\/10\/gfds-212x300.jpg\" alt=\"\" width=\"212\" height=\"300\" srcset=\"https:\/\/goscinnakamienica.dfirma.pl\/wp-content\/uploads\/2018\/10\/gfds-212x300.jpg 212w, https:\/\/goscinnakamienica.dfirma.pl\/wp-content\/uploads\/2018\/10\/gfds.jpg 724w, https:\/\/goscinnakamienica.dfirma.pl\/wp-content\/uploads\/2018\/10\/gfds-370x523.jpg 370w, https:\/\/goscinnakamienica.dfirma.pl\/wp-content\/uploads\/2018\/10\/gfds-600x849.jpg 600w\" sizes=\"(max-width: 212px) 100vw, 212px\" \/><\/p>\n<p><strong>Nasze atuty:<\/strong><\/p>\n<ul>\n<li>pi\u0119kne zabytkowe wn\u0119trza i artystyczny wystr\u00f3j;<\/li>\n<li>atrakcyjna okolica, 400 m do Rynku \u2013 wyj\u0105tkowa okazja do zrobienia pami\u0105tkowych zdj\u0119\u0107;<\/li>\n<li>elegancka dekoracja sto\u0142\u00f3w, z wyr\u00f3\u017cnionym miejscem honorowym dla dziecka komunijnego;<\/li>\n<li>sala na wy\u0142\u0105czno\u015b\u0107;<\/li>\n<li>indywidualnie dobrane menu;<\/li>\n<li>dodatkowe udogodnienia dla dzieci;<\/li>\n<li>komunijne torty, wykonane wed\u0142ug specjalnych wzor\u00f3w lub Pa\u0144stwa pomys\u0142u;<\/li>\n<li>dekoracje kwiatowe na sto\u0142ach i karta menu ze specjaln\u0105 dedykacj\u0105;<\/li>\n<li>bezp\u0142atny parking;<\/li>\n<li>specjalne ceny na noclegi dla Go\u015bci;<\/li>\n<li>profesjonalna obs\u0142uga i wyj\u0105tkowa atmosfera;<\/li>\n<li>mamy kilkunastoletnie do\u015bwiadczenie w organizacji udanych przyj\u0119\u0107, zadbamy o najdrobniejszy szczeg\u00f3\u0142;<\/li>\n<li>nasi Go\u015bcie ceni\u0105 wyj\u0105tkowe, indywidualne podej\u015bcie;<\/li>\n<\/ul>\n<p><strong>Oferta obiad\u00f3w komunijnych 2020 &#8211; dost\u0119pna na zapytanie ceny ju\u017c od 90z\u0142\/osoba.<\/strong><\/p>\n<h3>Planuj\u0105c organizacj\u0119 przyj\u0119cia, skontaktuj si\u0119 z naszym Dzia\u0142em Sprzeda\u017cy.<\/h3>\n<p>Go\u015bcinna Kamienica<br \/>ul.Sienkiewicza 24<br \/>15-092 Bia\u0142ystok<\/p>\n<p>Tel: 790-500-095<br \/>e-mail: <a href=\"mailto:marketing@goscinnakamienica.pl\">marketing@goscinnakamienica.pl<\/a><br \/><a href=\"http:\/\/www.goscinnakamienica.pl\/\">www.goscinnakamienica.pl<\/a><\/p>\n<h1>\u00a0<\/h1>\n<h1>\u00a0<\/h1>\n<h1><strong>\u015aNIADANIA BEZGLUTENOWE<\/strong><\/h1>\n<h1><strong>W GO\u015aCINNEJ KAMIENICY<\/strong><\/h1>\n<p>Dieta bezglutenowa cieszy si\u0119 obecnie ogromn\u0105 popularno\u015bci\u0105 nie tylko w\u015br\u00f3d os\u00f3b chorych na celiaki\u0119 lub uczulonych na gluten, ale r\u00f3wnie\u017c w\u015br\u00f3d os\u00f3b, kt\u00f3re chc\u0105 schudn\u0105\u0107 i polepszy\u0107 swoje samopoczucie. Wychodz\u0105c naprzeciw ich oczekiwaniom Go\u015bcinna Kamienica oferuje szeroki wachlarz bezglutenowych \u015bniada\u0144 na wynos lub do zam\u00f3wienia w obiekcie.<\/p>\n<p>W naszym ofercie znajd\u0105 Pa\u0144stwo przepyszne budynie jaglane. Warto wiedzie\u0107, \u017ce kasza jaglana powstaje z \u0142uskanego prosta, kt\u00f3rego spo\u017cywanie jest zalecane osobom b\u0119d\u0105cym na diecie bezglutenowej. Budynie dost\u0119pne s\u0105 w wariancie kokosowo-bananowym, czekoladowym z toffi oraz waniliowym z jab\u0142kiem. Na deser polecamy s\u0142odkie bezy lub nale\u015bniki gryczane z owocami i bit\u0105 \u015bmietan\u0105.<\/p>\n<p>Oferujemy Pa\u0144stwu r\u00f3wnie\u017c przepyszne obiady\/lunch bezglutenowe do pracy i na miejscu. Serwujemy nale\u015bniki gryczane ze szpinakiem i serem ple\u015bniowym oraz nale\u015bniki gryczane z kurczakiem, pomidorami i serem brie lub przyrz\u0105dzan\u0105 na ostro wo\u0142owin\u0105.<\/p>\n<p>Nad wszystkimi przyrz\u0105dzanymi przez nas daniami czuwa dietetyk, kt\u00f3ry dba o to, aby podawane posi\u0142ki by\u0142y nie tylko smaczne, ale i zdrowe. Nasz\u0105 kuchni\u0119 doceni\u0142o wielu klient\u00f3w, mamy nadziej\u0119, \u017ce nied\u0142ugo i Pa\u0144stwo do\u0142\u0105cz\u0105 do ich grona!<\/p>\n<p>Koszt \u015bniadania wynosi 45,00 z\u0142\/osoba<\/p>\n<h1>\u00a0<\/h1>\n<h1><strong>&#8222;RAZEM TANIEJ&#8221;<\/strong><\/h1>\n<p>OFERTA DLA GRUP<\/p>\n<p>ZORGANIZOWANYCH<\/p>\n<p>Go\u015bcinna Kamienica stanowi doskona\u0142y punkt wypadowy do zwiedzania Supra\u015bla, Tykocina, Bia\u0142owie\u017cy, szlaku tatarskiego (Kruszyniany, Bohoniki),wioski bocianiej ( Pentowo) \u00a0czy po prostu najwi\u0119kszych atrakcji w Bia\u0142ymstoku \u2013 kompleksu Pa\u0142acowego Branickich, bazylika archikatedralna, Ratusza i wielu innych.<\/p>\n<p>Do naszych g\u0142\u00f3wnych atut\u00f3w zaliczamy po\u0142o\u017cenie w centrum miasta, tradycyjn\u0105 polsk\u0105 kuchni\u0119, bardzo atrakcyjne ceny, bezp\u0142atny parking oraz profesjonalna obs\u0142ug\u0119.<\/p>\n<p><strong>W naszej ofercie znajdziecie:<\/strong><\/p>\n<p>*noclegi dla grup zorganizowanych w wyj\u0105tkowo konkurencyjnych cenach<\/p>\n<p>*kompleksowe wy\u017cywienie grup zakwaterowanych &#8211; \u015bniadania, obiady, obiadokolacje, podwieczorki<br \/>*PROMOCYJNE CENY !!! OBIAD JU\u017b OD 19 Z\u0141 ZA OSOB\u0118 !!!<\/p>\n<p>*bezp\u0142atny obiad dla pilota (przewodnika) oraz kierowcy<\/p>\n<p>*dodatkowe rabaty w przypadku sta\u0142ej wsp\u00f3\u0142pracy<\/p>\n<p>Zatrzymuj\u0105c si\u0119 w naszym obiekcie b\u0119d\u0105 Pa\u0144stwo mieli gwarancj\u0119 najwy\u017cszej jako\u015bci us\u0142ug, ciep\u0142ej domowej atmosfery oraz wy\u015bmienitej kuchni.<\/p>\n<p>Dopasujemy ceny noclegu oraz wy\u017cywienia do Pa\u0144stwa bud\u017cetu.<\/p>\n<p>Planujesz wyjazd do Bia\u0142egostoku dla swojej grupy?<\/p>\n<p>Napisz do nas na: recepcja@goscinnakamienica.pl , a my przygotujemy dla Ciebie najlepsz\u0105 propozycj\u0119!<\/p>\n<p><strong>Dla ka\u017cdej grupy tworzymy indywidualn\u0105 ofert\u0119 tak, aby jak najlepiej pasowa\u0142a do wymaga\u0144 naszych go\u015bci.<\/strong><\/p>\n<p>Zapraszamy do wsp\u00f3\u0142pracy biura podr\u00f3\u017cy, przewodnik\u00f3w wycieczek oraz szko\u0142y.<\/p>\n<pre><em><strong>Rezerwacja:<\/strong><\/em>\n\ne-mail:<a href=\"mailto:recepcja@goscinnakamienica.pl\">recepcja@goscinnakamienica.pl<\/a>\n\ntel.+48 85 831 15 55, kom.535 971 911<\/pre>\n<h1>\u00a0<\/h1>\n<h1><strong>PAKIET DLA <\/strong><\/h1>\n<h1>\u00a0<\/h1>\n<h1><strong>MOTOCYKLIST\u00d3W\/ROWERZYST\u00d3W<\/strong><\/h1>\n<p>&#8211; nocleg w pokoju typu: Standard, Komfort lub DeLux<br \/>&#8211; obfite \u015bniadanie w formie bufetu<br \/>&#8211; bezprzewodowy Internet WI-FI<br \/>&#8211; woda mineralna w pokoju\/gratis<br \/>&#8211; mapy i przewodniki po Podlasiu \/gratis<br \/>&#8211; bezp\u0142atny parking<br \/><strong>Ceny ju\u017c od 150z\u0142\/pok\u00f3j<\/strong><\/p>\n<p>Pomagamy rozwija\u0107 Wasze pasje i dlatego proponujemy atrakcyjne ceny na noclegi. Wiemy tak\u017ce, \u017ce motocykli\u015bci trzymaj\u0105 si\u0119 razem i dlatego im wi\u0119ksza liczba pasjonat\u00f3w, tym wi\u0119kszy oferujemy rabat!<\/p>\n<pre><em><strong>Rezerwacja:<\/strong><\/em>\n\ne-mail:<a href=\"mailto:recepcja@goscinnakamienica.pl\">recepcja@goscinnakamienica.pl<\/a>\n\ntel.+48 85 831 15 55, kom.535 971 911<\/pre>\n<h1>\u00a0<\/h1>\n<h1><strong>Pakiet Biznes Suite<\/strong><\/h1>\n<p><img loading=\"lazy\" class=\"size-medium wp-image-560 alignright\" src=\"http:\/\/goscinnakamienica.com.pl\/wp-content\/uploads\/2016\/12\/NNNNB-300x200.jpg\" alt=\"\" width=\"300\" height=\"200\" srcset=\"https:\/\/goscinnakamienica.dfirma.pl\/wp-content\/uploads\/2016\/12\/NNNNB-300x200.jpg 300w, https:\/\/goscinnakamienica.dfirma.pl\/wp-content\/uploads\/2016\/12\/NNNNB-600x400.jpg 600w, https:\/\/goscinnakamienica.dfirma.pl\/wp-content\/uploads\/2016\/12\/NNNNB-768x512.jpg 768w, https:\/\/goscinnakamienica.dfirma.pl\/wp-content\/uploads\/2016\/12\/NNNNB-370x247.jpg 370w, https:\/\/goscinnakamienica.dfirma.pl\/wp-content\/uploads\/2016\/12\/NNNNB.jpg 900w\" sizes=\"(max-width: 300px) 100vw, 300px\" \/><\/p>\n<p><em><strong>Idealne miejsce biznesowe!!<\/strong><\/em><br \/>Po\u0142o\u017cona w centrum miasta Go\u015bcinna Kamienica, umo\u017cliwia szybki dost\u0119p do instytucji oraz najwa\u017cniejszych zabytk\u00f3w Bia\u0142egostoku.Nasz\u0105 ofert\u0119 kierujemy do biznesmen\u00f3w poszukuj\u0105cych unikalnych miejsc wyr\u00f3\u017cniaj\u0105cych si\u0119 serdeczn\u0105 i kameraln\u0105 atmosfer\u0105, wyj\u0105tkow\u0105 aran\u017cacj\u0105 wn\u0119trz, najwy\u017csz\u0105 jako\u015bci\u0105 us\u0142ug oraz wyj\u0105tkow\u0105 go\u015bcinno\u015bci\u0105.<br \/>Nasza obs\u0142uga do\u0142o\u017cy wszelkich stara\u0144, \u017ceby stworzy\u0107 Pa\u0144stwu jak najlepsze warunki do pracy i aby poczuli si\u0119 Pa\u0144stwo w naszym obiekcie wyj\u0105tkowo!<\/p>\n<p><em><strong>Proponujemy Pa\u0144stwu:<\/strong><\/em><br \/>\u2022 1 nocleg ze \u015bniadaniem w komfortowym pokoju jedno lub dwuosobowym<br \/>\u2022 bon o warto\u015bci 40z\u0142 do wykorzystania w Go\u015bcinnej Kamienicy doliczony do ceny pokoju<br \/>\u2022 dodatkowe 5% rabatu na napoje<br \/>\u2022 bezp\u0142atny bezprzewodowy Internet na terenie ca\u0142ego obiektu<br \/>\u2022 codzienna prasa w pokoju<br \/>\u2022 butelka wody mineralnej<br \/>\u2022 bezp\u0142atny parking<\/p>\n<p><em><strong>Oferujemy:<\/strong><\/em> rozliczenie bezgot\u00f3wkowe,korzystne rabaty,przyjazn\u0105 obs\u0142ug\u0119 i mi\u0142a atmosfer\u0119,organizacje konferencji i rozm\u00f3w biznesowych,umow\u0119 sta\u0142ej wsp\u00f3\u0142pracy<\/p>\n<h2 style=\"text-align: center;\"><strong>Pok\u00f3j 1.os \u00a0 \u00a0 199 z\u0142\/doba<\/strong><\/h2>\n<h2 style=\"text-align: center;\"><strong>Pok\u00f3j 2 os.\u00a0\u00a0\u00a0\u00a0 289 z\u0142\/doba<\/strong><\/h2>\n<pre><em><strong>Rezerwacja:<\/strong><\/em>\n\ne-mail:<a href=\"mailto:recepcja@goscinnakamienica.pl\">recepcja@goscinnakamienica.pl<\/a>\n\ntel.+48 85 831 15 55, kom.535 971 911<\/pre>\n<h1>\u00a0<\/h1>\n<h1><strong>ROMANTYCZNE WEEKENDY <\/strong><\/h1>\n<h1><strong>W MIEJSKIM KLIMACIE <\/strong><\/h1>\n<p><img loading=\"lazy\" class=\"wp-image-538 alignright\" src=\"http:\/\/goscinnakamienica.com.pl\/wp-content\/uploads\/2016\/12\/160728_walentynki_roza_swiece-300x188.jpg\" alt=\"\" width=\"284\" height=\"178\" srcset=\"https:\/\/goscinnakamienica.dfirma.pl\/wp-content\/uploads\/2016\/12\/160728_walentynki_roza_swiece-300x188.jpg 300w, https:\/\/goscinnakamienica.dfirma.pl\/wp-content\/uploads\/2016\/12\/160728_walentynki_roza_swiece-600x375.jpg 600w, https:\/\/goscinnakamienica.dfirma.pl\/wp-content\/uploads\/2016\/12\/160728_walentynki_roza_swiece-768x480.jpg 768w, https:\/\/goscinnakamienica.dfirma.pl\/wp-content\/uploads\/2016\/12\/160728_walentynki_roza_swiece-1024x640.jpg 1024w, https:\/\/goscinnakamienica.dfirma.pl\/wp-content\/uploads\/2016\/12\/160728_walentynki_roza_swiece-370x230.jpg 370w\" sizes=\"(max-width: 284px) 100vw, 284px\" \/><\/p>\n<p><strong><em>Luksusowy pakiet romantyczny obejmuje:<\/em><\/strong><\/p>\n<p>-dwa noclegi w komfortowym 2 os. apartamencie z romantyczn\u0105 dekoracj\u0105<br \/>-na powitanie butelka wina musuj\u0105cego i\u00a0kosz owoc\u00f3w<br \/>-uroczysta kolacja dla 2os. z butelk\u0105 szampana<br \/>-na \u017cyczenie \u015bniadanie podane do pokoju<\/p>\n<h2 style=\"text-align: center;\"><strong>Cena: 520 z\u0142\/2 dni<\/strong><\/h2>\n<p>Nasza obs\u0142uga do\u0142o\u017cy wszelkich stara\u0144, aby poczuli si\u0119 Pa\u0144stwo w naszym obiekcie wyj\u0105tkowo, a noc sp\u0119dzona w Go\u015bcinnej Kamienicy &#8211; pozosta\u0142a niezapomniana. Oferta wa\u017cna w terminie 30.06.2017r.<\/p>\n<pre><em><strong>Rezerwacja:<\/strong><\/em>\n\ne-mail:<a href=\"mailto:recepcja@goscinnakamienica.pl\">recepcja@goscinnakamienica.pl<\/a>\n\ntel.+48 85 831 15 55, kom.535 971 911<\/pre>\n<h1>\u00a0<\/h1>\n<h1><strong>Overnight \/ <\/strong><\/h1>\n<h1><strong>Gwarancja najni\u017cszej ceny<\/strong><\/h1>\n<p><img loading=\"lazy\" class=\"wp-image-541 alignright\" src=\"http:\/\/goscinnakamienica.com.pl\/wp-content\/uploads\/2016\/12\/5D_2618-300x200.jpg\" alt=\"\" width=\"308\" height=\"205\" srcset=\"https:\/\/goscinnakamienica.dfirma.pl\/wp-content\/uploads\/2016\/12\/5D_2618-300x200.jpg 300w, https:\/\/goscinnakamienica.dfirma.pl\/wp-content\/uploads\/2016\/12\/5D_2618-600x400.jpg 600w, https:\/\/goscinnakamienica.dfirma.pl\/wp-content\/uploads\/2016\/12\/5D_2618-768x512.jpg 768w, https:\/\/goscinnakamienica.dfirma.pl\/wp-content\/uploads\/2016\/12\/5D_2618-1024x683.jpg 1024w, https:\/\/goscinnakamienica.dfirma.pl\/wp-content\/uploads\/2016\/12\/5D_2618-370x247.jpg 370w\" sizes=\"(max-width: 308px) 100vw, 308px\" \/><\/p>\n<p style=\"text-align: left;\">Go\u015bcinna Kamienica to komfortowy i kameralny obiekt,\u00a0 zapewniaj\u0105cy swoim Go\u015bciom idealne warunki zar\u00f3wno do pracy jak i wypoczynku. Po\u0142o\u017cony jest w \u015bcis\u0142ym centrum miasta, w pobli\u017cu najwa\u017cniejszych instytucji i urz\u0119d\u00f3w Bia\u0142egostoku.<\/p>\n<p style=\"text-align: left;\"><em><strong>Zapewniamy:<\/strong><\/em><\/p>\n<p>-1 nocleg w klasycznie urz\u0105dzonym pokoju<br \/>-bezp\u0142atny bezprzewodowy Internet na terenie ca\u0142ego obiektu<br \/>-butelka wody mineralnej<br \/>-bar 24h\/dob\u0119<br \/>-bezp\u0142atny parking<\/p>\n<h2 style=\"text-align: center;\"><strong>Pok\u00f3j 1os. \u00a0 \u00a0 150 z\u0142\/doba<\/strong><\/h2>\n<h2 style=\"text-align: center;\"><strong>Pok\u00f3j 2os.\u00a0\u00a0\u00a0\u00a0 180 z\u0142\/doba<\/strong><\/h2>\n<h2 style=\"text-align: center;\"><strong>\u00a0Pok\u00f3j 3os.\u00a0 \u00a0\u00a0 240 z\u0142\/doba<\/strong><\/h2>\n<p>*Dzieci do lat 3 nocuj\u0105 bezp\u0142atnie w pokoju rodzic\u00f3w<\/p>\n<h2><em><strong>Rezerwacja:<\/strong><\/em> e-mail:<a href=\"mailto:recepcja@goscinnakamienica.pl\">recepcja@goscinnakamienica.pl<\/a> tel.+48 85 831 15 55, kom.535 971 911<\/h2>\n<p>\u00a0<\/p>\n<p><strong>REGULAMIN RODO<\/strong><\/p>\n<p>Zgodnie z Rozporz\u0105dzeniem Parlamentu Europejskiego i Rady (UE) 2016\/679 z dnia 27 kwietnia 2016 r. w sprawie ochrony os\u00f3b fizycznych w zwi\u0105zku z przetwarzaniem danych osobowych i w sprawie swobodnego przep\u0142ywu takich danych oraz uchylenia dyrektywy 95\/46\/WE dalej jako: \u201eRODO\u201d informujemy, i\u017c:<\/p>\n<p>Administratorem\u00a0 Pani\/Pana danych osobowych jest Kamienica Sp\u00f3\u0142ka z ograniczon\u0105 odpowiedzialno\u015bci\u0105 z siedzib\u0105 w Bia\u0142ymstoku, ul. Sienkiewicza 24, kod pocztowy 15-092, NIP: 5423193730, Regon 200412570<\/p>\n<ul>\n<li>Pani\/Pana dane osobowe mog\u0105 by\u0107 przetwarzane w celu wykonania umowy o \u015bwiadczenie us\u0142ug hotelarskich lub promocji i\u00a0marketingu produkt\u00f3w i us\u0142ug oferowanych przez Kamienic\u0119 Sp. z o.o. (w\u00a0przypadku wyra\u017cenia zgody na przetwarzanie do tych cel\u00f3w), a tak\u017ce dla cel\u00f3w wnikaj\u0105cych z prawnie uzasadnionych interes\u00f3w Kamienicy Sp. z o.o.<\/li>\n<li>Administrator przetwarza dane osobowe realizuj\u0105c zapytania, zam\u00f3wienia, pro\u015bby klient\u00f3w;<\/li>\n<li>Administrator przetwarza dane osobowe do wystawiania faktur i przyjmowania p\u0142atno\u015bci;<\/li>\n<li>Administrator przetwarza dane osobowe do rezerwacji miejsc noclegowych w okresie kr\u00f3tko i d\u0142ugoterminowym;<\/li>\n<li>Administrator przetwarza dane osobowe do zapewnienia bezpiecze\u0144stwa os\u00f3b oraz mienia znajduj\u0105cego si\u0119 w hotelu poprzez stosowanie monitoringu wizyjnego na postawie Art. 6 ust. 1 lit..f\u00a0 RODO;<\/li>\n<li>Administrator przetwarza dane osobowe do windykacji roszcze\u0144 oraz obrony przed roszczeniami;<\/li>\n<li>Dane s\u0105 przetwarzane na podstawie\u00a06 ust. 1 lit.\u00a0a), b), f) oraz art. 9 ust. 2 lit. a) Rozporz\u0105dzenia Parlamentu Europejskiego i Rady (UE) 2016\/679 z dnia 27 kwietnia 2016 r. w sprawie ochrony os\u00f3b fizycznych w zwi\u0105zku z\u00a0przetwarzaniem danych osobowych i w sprawie swobodnego przep\u0142ywu takich danych oraz uchylenia dyrektywy 95\/46\/WE;<\/li>\n<li>Prawnie uzasadnionym interesem Kamienicy Sp. z o.o. jest marketing bezpo\u015bredni us\u0142ug administratora danych, zapobieganie oszustwom, a tak\u017ce relacja kliencka;<\/li>\n<li>Pani\/Pana dane osobowe przetwarzane w celu wykonania umowy b\u0119d\u0105 przechowywane do czasu realizacji celu, dla kt\u00f3rego zosta\u0142y zebrane, a nast\u0119pnie przez okres niezb\u0119dny do zabezpieczenia ewentualnych roszcze\u0144 zwi\u0105zanych z przetwarzaniem danych. Natomiast Pani\/Pana dane osobowe przetwarzane w celach promocji i marketingu produkt\u00f3w i us\u0142ug oferowanych przez firm\u0119 Kamienica Sp. z o.o., w\u00a0tym przesy\u0142ania informacji handlowych \u015brodkami komunikacji elektronicznej na wskazany adres e-mail (w\u00a0przypadku wyra\u017cenia zgody do tych cel\u00f3w) b\u0119d\u0105 przechowywane do czasu cofni\u0119cia zgody.<\/li>\n<li>We wszystkich sprawach zwi\u0105zanych z przetwarzaniem przez Kamienic\u0119 Sp. z o.o. Pa\u0144stwa danych osobowych,mog\u0105 Pa\u0144stwo si\u0119 kontaktowa\u0107\u00a0 w nast\u0119puj\u0105cy spos\u00f3b:<br \/>&#8211; za po\u015brednictwem poczty e-mail na adres <a href=\"mailto:recepcja@goscinnakamienica.pl\">recepcja@goscinnakamienica.pl<\/a><br \/>&#8211; za po\u015brednictwem poczty tradycyjnej na nast\u0119puj\u0105cy adres korespondencyjny:<br \/>Kamienica Sp. z o.o., ul Sienkiewicza 24, 15-092 Bia\u0142ystok;<\/li>\n<li>Posiada Pani\/Pan prawo dost\u0119pu do tre\u015bci swoich danych oraz prawo ich sprostowania, usuni\u0119cia, ograniczenia przetwarzania, prawo do przenoszenia danych, prawo wniesienia sprzeciwu, prawo do cofni\u0119cia zgody w dowolnym momencie bez wp\u0142ywu na zgodno\u015b\u0107 z prawem przetwarzania, kt\u00f3rego dokonano na podstawie zgody przed jej cofni\u0119ciem;<\/li>\n<li>Ma Pani\/Pan prawo wniesienia skargi do GIODO gdy uzna Pani\/Pan, i\u017c przetwarzanie danych osobowych Pani\/Pana dotycz\u0105cych narusza przepisy Rozporz\u0105dzenia Parlamentu Europejskiego i Rady (UE) 2016\/679 z dnia 27 kwietnia 2016 r. w sprawie ochrony os\u00f3b fizycznych w zwi\u0105zku z przetwarzaniem danych osobowych i w sprawie swobodnego przep\u0142ywu takich danych oraz uchylenia dyrektywy 95\/46\/WE;<\/li>\n<li>Podanie danych jest dobrowolne, ale niezb\u0119dne do realizacji powy\u017cszego celu.<\/li>\n<li>Kamienica Sp. z o.o nie przekazuje danych osobowych do pa\u0144stw spoza Europejskiego Obszaru Gospodarczego.<\/li>\n<\/ul>\n\n\n<p><\/p>\n","protected":false},"excerpt":{"rendered":"<p>Drodzy Go\u015bcie Wasze bezpiecze\u0144stwo oraz komfort s\u0105 dla nas NAJWI\u0118KSZY PRIORYTETEM Z powodu zagro\u017cenia koronawirusem zaostrzamy \u015brodki bezpiecze\u0144stwa oraz higieny w naszym obiekcie. PRZED\u0141U\u017b WEEKEND ZA 50% CENY Je\u015bli weekend w urokliwym Bia\u0142ymstoku i Go\u015bcinnej Kamienicy wydaje Ci si\u0119 zbyt kr\u00f3tki \u2013 mamy dla Ciebie specjaln\u0105 ofert\u0119 na przed\u0142u\u017cenie weekendu o jeszcze jeden dzie\u0144. Ciesz [&hellip;]<\/p>\n","protected":false},"author":1,"featured_media":0,"parent":0,"menu_order":0,"comment_status":"closed","ping_status":"closed","template":"","meta":[],"_links":{"self":[{"href":"https:\/\/goscinnakamienica.dfirma.pl\/index.php\/wp-json\/wp\/v2\/pages\/459"}],"collection":[{"href":"https:\/\/goscinnakamienica.dfirma.pl\/index.php\/wp-json\/wp\/v2\/pages"}],"about":[{"href":"https:\/\/goscinnakamienica.dfirma.pl\/index.php\/wp-json\/wp\/v2\/types\/page"}],"author":[{"embeddable":true,"href":"https:\/\/goscinnakamienica.dfirma.pl\/index.php\/wp-json\/wp\/v2\/users\/1"}],"replies":[{"embeddable":true,"href":"https:\/\/goscinnakamienica.dfirma.pl\/index.php\/wp-json\/wp\/v2\/comments?post=459"}],"version-history":[{"count":7,"href":"https:\/\/goscinnakamienica.dfirma.pl\/index.php\/wp-json\/wp\/v2\/pages\/459\/revisions"}],"predecessor-version":[{"id":4262,"href":"https:\/\/goscinnakamienica.dfirma.pl\/index.php\/wp-json\/wp\/v2\/pages\/459\/revisions\/4262"}],"wp:attachment":[{"href":"https:\/\/goscinnakamienica.dfirma.pl\/index.php\/wp-json\/wp\/v2\/media?parent=459"}],"curies":[{"name":"wp","href":"https:\/\/api.w.org\/{rel}","templated":true}]}}